{"id":88,"date":"2022-06-07T22:32:37","date_gmt":"2022-06-07T20:32:37","guid":{"rendered":"http:\/\/2022.lesjardinsdemaud.be\/?page_id=88"},"modified":"2022-12-09T08:13:05","modified_gmt":"2022-12-09T07:13:05","slug":"deroulement-dune-seance-type","status":"publish","type":"page","link":"https:\/\/lesjardinsdemaud.be\/index.php\/deroulement-dune-seance-type\/","title":{"rendered":"D\u00e9roulement d\u2019une s\u00e9ance type"},"content":{"rendered":"\n<p>Nous proposons des s\u00e9ances tous les samedis matin de 9h30 \u00e0 11h30 avec des s\u00e9ances de psychomotricit\u00e9 relationnelle et des ateliers cr\u00e9atifs.<\/p>\n\n\n\n<ul class=\"wp-block-list\">\n<li><strong>L\u2019accueil:<\/strong>&nbsp; nous accueillons les familles qui arrivent souvent au compte- gouttes en leur proposant un moment de jeux libres avec leurs enfants.<\/li>\n\n\n\n<li><strong>Le bonjour:<\/strong> nous&nbsp; rangeons&nbsp; ensuite&nbsp; tous&nbsp; ensemble&nbsp; les jeux&nbsp; afin&nbsp; de&nbsp; se&nbsp; dire&nbsp; bonjour&nbsp; en&nbsp; chansons en faisant le tour des pr\u00e9noms des enfants. Cette \u00e9tape est ritualis\u00e9e afin d\u2019installer un repaire pour tout le monde.&nbsp;<\/li>\n\n\n\n<li><strong>Les s\u00e9ances de psychomotricit\u00e9: <\/strong>cette s\u00e9ance propose un espace ludique, cr\u00e9atif&nbsp; et&nbsp; commun&nbsp; gr\u00e2ce&nbsp; \u00e0&nbsp; du&nbsp; mat\u00e9riel vari\u00e9&nbsp; afin&nbsp; que&nbsp; les&nbsp; parents&nbsp; et&nbsp; leurs&nbsp; enfants puissent jouer librement et partager un moment&nbsp; ensemble.&nbsp; Ces&nbsp; s\u00e9ances&nbsp; d\u2019inspiration de la m\u00e9thode Aucouturier sollicitent les enfants&nbsp; et&nbsp; indirectement&nbsp; les&nbsp; parents&nbsp; au&nbsp; vivre ensemble.<\/li>\n\n\n\n<li><strong>Les s\u00e9ances de relaxation: <\/strong>ces 15 minutes servent \u00e0 chacun afin d\u2019int\u00e9grer&nbsp; ce&nbsp; qui&nbsp; vient&nbsp; de&nbsp; se&nbsp; jouer&nbsp; en&nbsp; psychomotricit\u00e9 et de se lib\u00e9rer si besoin d\u2019une excitation.&nbsp; Nous&nbsp; utilisons&nbsp; du&nbsp; mat\u00e9riel&nbsp; tels&nbsp; que des outils de massage, des tissus pour se balancer, des coussins pour se reposer, des instruments \u00e0 \u00e9couter qui permettent aux enfants d\u2019atteindre de fa\u00e7on ludique un \u00e9tat de d\u00e9tente. Il permet au groupe de partager un moment plus calme.<\/li>\n\n\n\n<li><strong>Le go\u00fbter:<\/strong> nous demandons aux familles d\u2019amener un petit quelque chose \u00e0 partager. Nous nous mettons tous autour d\u2019une grande table afin de partager ensemble un moment de convivialit\u00e9. Chaque participant est invit\u00e9 \u00e0 amener un fruit \u00e0 partager dans une salade de fruits collective.<\/li>\n\n\n\n<li><strong>Les animations d\u2019\u00e9veil: <\/strong>nous&nbsp; essayons&nbsp; d\u2019amener&nbsp; le&nbsp; plus&nbsp; de&nbsp; qualit\u00e9s possibles dans les animations propos\u00e9es mais nous sommes convaincus qu\u2019il ne s\u2019agit que&nbsp; d\u2019une&nbsp; excuse&nbsp; pour&nbsp; la&nbsp; rencontre&nbsp; et l\u2019\u00e9change. D\u00e8s lors,&nbsp; elles ne sont pas une fin en soi et les productions qui en sont issues ne le sont pas non plus. Notre principale attention est port\u00e9e sur le v\u00e9cu durant les s\u00e9ances des familles. Le d\u00e9veloppement de l\u2019enfant \u00e9tant une de nos&nbsp; priorit\u00e9s&nbsp; toutes&nbsp; nos&nbsp; activit\u00e9s&nbsp; d\u2019\u00e9veil&nbsp; essayent de couvrir un panel le plus large possible&nbsp; en&nbsp; terme&nbsp; de&nbsp; stimulis&nbsp; :&nbsp; sensori-moteurs, graphiques et tactiles, chants, danse et lecture de livres pour tout petits. Nous essayons par ce biais de d\u00e9velopper la notion d\u2019\u00e9veil culturel. Le d\u00e9coupage d\u2019une s\u00e9ance en phases syst\u00e9matiques&nbsp; permet&nbsp; un&nbsp; fonctionnement&nbsp; de ce type. Les&nbsp; activit\u00e9s&nbsp; d\u2019\u00e9veil&nbsp; sont&nbsp; souvent&nbsp; orient\u00e9es vers&nbsp; des&nbsp; bricolages&nbsp; ludiques&nbsp; adapt\u00e9s&nbsp; aux tout petits. L\u2019id\u00e9e \u00e9tant de donner des id\u00e9es d\u2019activit\u00e9s&nbsp; aux&nbsp; parents&nbsp; \u00e0&nbsp; refaire&nbsp; chez&nbsp; eux. L\u2019animateur essaie de se faire&nbsp; le plus p\u00e9dagogue possible envers les enfants mais aussi les parents afin de susciter l\u2019envie et le partage.<\/li>\n\n\n\n<li><strong>Fin de s\u00e9ance: <\/strong>nous terminons nos s\u00e9ances par un moment de&nbsp; lecture,&nbsp; soit&nbsp; d\u2019un&nbsp; livre&nbsp; lou\u00e9&nbsp; \u00e0&nbsp; la&nbsp; biblioth\u00e8que par les animateurs, soit par un livre amen\u00e9&nbsp; et&nbsp; lu&nbsp; par&nbsp; un&nbsp; parent.&nbsp; Nous&nbsp; \u00e9changeons&nbsp; les impressions ensuite&nbsp; avec&nbsp; les&nbsp; familles&nbsp; sur&nbsp; leur ressenti durant la s\u00e9ance.<\/li>\n<\/ul>\n\n\n\n<figure class=\"wp-block-image size-large\"><img loading=\"lazy\" decoding=\"async\" width=\"1024\" height=\"410\" src=\"http:\/\/2022.lesjardinsdemaud.be\/wp-content\/uploads\/2022\/08\/jeu-deau-1024x410.jpg\" alt=\"\" class=\"wp-image-547\" srcset=\"https:\/\/lesjardinsdemaud.be\/wp-content\/uploads\/2022\/08\/jeu-deau-1024x410.jpg 1024w, https:\/\/lesjardinsdemaud.be\/wp-content\/uploads\/2022\/08\/jeu-deau-300x120.jpg 300w, https:\/\/lesjardinsdemaud.be\/wp-content\/uploads\/2022\/08\/jeu-deau-768x308.jpg 768w, https:\/\/lesjardinsdemaud.be\/wp-content\/uploads\/2022\/08\/jeu-deau-1536x616.jpg 1536w, https:\/\/lesjardinsdemaud.be\/wp-content\/uploads\/2022\/08\/jeu-deau.jpg 1594w\" sizes=\"auto, (max-width: 1024px) 100vw, 1024px\" \/><\/figure>\n","protected":false},"excerpt":{"rendered":"<p>Nous proposons des s\u00e9ances tous les samedis matin de 9h30 \u00e0 11h30 avec des s\u00e9ances de psychomotricit\u00e9 relationnelle et des ateliers cr\u00e9atifs.<\/p>\n","protected":false},"author":1,"featured_media":0,"parent":0,"menu_order":0,"comment_status":"closed","ping_status":"closed","template":"","meta":{"ngg_post_thumbnail":0,"footnotes":""},"class_list":["post-88","page","type-page","status-publish","hentry"],"jetpack_sharing_enabled":true,"_links":{"self":[{"href":"https:\/\/lesjardinsdemaud.be\/index.php\/wp-json\/wp\/v2\/pages\/88","targetHints":{"allow":["GET"]}}],"collection":[{"href":"https:\/\/lesjardinsdemaud.be\/index.php\/wp-json\/wp\/v2\/pages"}],"about":[{"href":"https:\/\/lesjardinsdemaud.be\/index.php\/wp-json\/wp\/v2\/types\/page"}],"author":[{"embeddable":true,"href":"https:\/\/lesjardinsdemaud.be\/index.php\/wp-json\/wp\/v2\/users\/1"}],"replies":[{"embeddable":true,"href":"https:\/\/lesjardinsdemaud.be\/index.php\/wp-json\/wp\/v2\/comments?post=88"}],"version-history":[{"count":3,"href":"https:\/\/lesjardinsdemaud.be\/index.php\/wp-json\/wp\/v2\/pages\/88\/revisions"}],"predecessor-version":[{"id":773,"href":"https:\/\/lesjardinsdemaud.be\/index.php\/wp-json\/wp\/v2\/pages\/88\/revisions\/773"}],"wp:attachment":[{"href":"https:\/\/lesjardinsdemaud.be\/index.php\/wp-json\/wp\/v2\/media?parent=88"}],"curies":[{"name":"wp","href":"https:\/\/api.w.org\/{rel}","templated":true}]}}